{"id":341,"date":"2020-08-07T09:33:05","date_gmt":"2020-08-07T09:33:05","guid":{"rendered":"http:\/\/elster-pr.de\/?page_id=341"},"modified":"2026-05-01T19:21:50","modified_gmt":"2026-05-01T17:21:50","slug":"aus-der-literatur","status":"publish","type":"page","link":"https:\/\/die-garderobenmarke.de\/?page_id=341","title":{"rendered":"Aus der Literatur"},"content":{"rendered":"\n<p>Nach und nach werden hier interessante Originalquellen zu den Themen &#8222;Garderobe&#8220; und &#8222;Garderobenmarke&#8220; hochgeladen.<\/p>\n\n\n\n<div class=\"wp-block-columns is-layout-flex wp-container-core-columns-is-layout-9d6595d7 wp-block-columns-is-layout-flex\">\n<div class=\"wp-block-column is-layout-flow wp-block-column-is-layout-flow\" style=\"flex-basis:33.33%\">\n<figure class=\"wp-block-image size-large\"><img loading=\"lazy\" decoding=\"async\" width=\"690\" height=\"1024\" src=\"https:\/\/die-garderobenmarke.de\/wp-content\/uploads\/2026\/05\/Deutsches_Woerterbuch_Grimm_-_Titel_Band_1-690x1024.png\" alt=\"\" class=\"wp-image-4421\" srcset=\"https:\/\/die-garderobenmarke.de\/wp-content\/uploads\/2026\/05\/Deutsches_Woerterbuch_Grimm_-_Titel_Band_1-690x1024.png 690w, https:\/\/die-garderobenmarke.de\/wp-content\/uploads\/2026\/05\/Deutsches_Woerterbuch_Grimm_-_Titel_Band_1-202x300.png 202w, https:\/\/die-garderobenmarke.de\/wp-content\/uploads\/2026\/05\/Deutsches_Woerterbuch_Grimm_-_Titel_Band_1-768x1140.png 768w, https:\/\/die-garderobenmarke.de\/wp-content\/uploads\/2026\/05\/Deutsches_Woerterbuch_Grimm_-_Titel_Band_1-1034x1536.png 1034w, https:\/\/die-garderobenmarke.de\/wp-content\/uploads\/2026\/05\/Deutsches_Woerterbuch_Grimm_-_Titel_Band_1-1379x2048.png 1379w, https:\/\/die-garderobenmarke.de\/wp-content\/uploads\/2026\/05\/Deutsches_Woerterbuch_Grimm_-_Titel_Band_1-scaled.png 1724w\" sizes=\"auto, (max-width: 690px) 100vw, 690px\" \/><\/figure>\n<\/div>\n\n\n\n<div class=\"wp-block-column is-layout-flow wp-block-column-is-layout-flow\" style=\"flex-basis:66.66%\">\n<p><strong>Jacob Grimm, Wilhelm Grimm (Hrsg.): Deutsches W\u00f6rterbuch. (IV, 1. Abteilung, Teil 1). S. Hirzel, Leipzig 1878<\/strong><\/p>\n\n\n\n<p>garderobe, f. das frz. garderobe, das doch selbst gleichfalls von deutscher herkunft ist, denn in garde- steckt unser warten (s. garde), in robe unser raub mit seiner ahd. bedeutung r\u00fcstung die man dem erlegten feinde abzieht, spolia, \u1f14\u03bd\u03b1\u03c1\u03b1, collect. giroubi Otfr. IV, 28, 1, gir\u00f4bi Hel. 5547 von der gewandung Christi am kreuze, die den kriegsknechten zuf\u00e4llt. man spricht es \u00fcbrigens deutsch aus, mit den beiden -e, sodasz unsere aussprache der altfranz. gleichkommen wird.&lt;br>1) es erscheint schon im 16. jahrh., eigner weise als m.: man bewise inen alle ehr. unter anderm f\u00fcert man sie &#8230; in den gardenrobbe (vgl. gardenprust), der am sale (banketsaale) stunde, und liesz sie das silbergeschirr sehen &#8230; es waren in dem gardenrobbe zwo seiten vom boden an bisz an die b\u00fcnen hinauf mit eitelem silbergeschirr uf schepften \u00fcbersteltt. Zimmer. chr. 3, 238, in der schilderung eines bankets in einem reichen C\u00f6lner b\u00fcrgerhause, in der allgemeinern bed. nebenzimmer \u00fcberhaupt, die auch das franz. wort hat; auch nl. schon bei Kil. unter den fremdw\u00f6rtern garderobbe, vestiarium, die form die damals und l\u00e4nger auch franz. war (noch in Frischs franz. wb. 1719). Auch bildlich schon im 17. jh.: soll sie (die princessin braut) ihr gewissen dem pere la Chaise, dem pere le Comte und ihrer gesammten societ\u00e6t in verwahrung geben, weil diese zubrechliche waare nirgends besser, als in der geistlichen garderobbe der l\u00f6blichen jesuiter-gesellschaft aufgehoben werden kan. Pasquini staatsphant. 317.2) die bedeutung erstreckt sich von der einer kleiderkammer (s. d.) auch auf die dort aufbewahrte kleidung oder kleidung \u00fcberhaupt sofern sie als vorr\u00e4tig oder zu gebote stehend gedacht ist; einem balle entgegen musz z. b. die garderobe hergestellt werden; selten von den kleidern am leibe: der baron F. mit der ganzen garderobe von den kr\u00f6nungszeiten Franz des ersten her .. den \u00fcbel fournierten J. nicht zu vergessen, der die l\u00fccken seiner altfr\u00e4nkischen garderobe mit neumodischen lappen ausflickt. G\u00f6the 16, 104 (Werther 1775 s. 131, wo aber an der zweiten stelle kleidung). Bei h\u00f6fen auch von der dienerschaft der kleiderkammer oder dienerschaft \u00fcberhaupt (wie franz.), z. b.: marquise (zieht einen beutel hervor). das erhielt ich vom domherrn, um die garderobe der f\u00fcrstin mir g\u00fcnstig zu machen. G\u00f6the 14, 144 (groszcophta 2, 2). einzeln auch, wie franz., als schonender ausdruck f\u00fcr abtritt, wie neuerdings toilette. 3) im nl. wurde das garde- wieder deutsch gemacht (vergl. unter gardian 2 a. e.): waerdrubbe, waerdrobbe, waerderebbe, vestiarium, conclave, garderobe Kil., auch waerdrubbe, latrina domestica. so noch engl. wardrobe <\/p>\n\n\n\n<p><\/p>\n<\/div>\n<\/div>\n\n\n\n<div class=\"wp-block-columns is-layout-flex wp-container-core-columns-is-layout-9d6595d7 wp-block-columns-is-layout-flex\">\n<div class=\"wp-block-column is-layout-flow wp-block-column-is-layout-flow\">\n<div class=\"wp-block-columns is-layout-flex wp-container-core-columns-is-layout-9d6595d7 wp-block-columns-is-layout-flex\">\n<div class=\"wp-block-column is-layout-flow wp-block-column-is-layout-flow\" style=\"flex-basis:33.33%\">\n<figure class=\"wp-block-image size-large\"><img loading=\"lazy\" decoding=\"async\" width=\"1024\" height=\"1024\" src=\"https:\/\/die-garderobenmarke.de\/wp-content\/uploads\/2026\/05\/Manieren-1024x1024.png\" alt=\"\" class=\"wp-image-4423\" srcset=\"https:\/\/die-garderobenmarke.de\/wp-content\/uploads\/2026\/05\/Manieren-1024x1024.png 1024w, https:\/\/die-garderobenmarke.de\/wp-content\/uploads\/2026\/05\/Manieren-300x300.png 300w, https:\/\/die-garderobenmarke.de\/wp-content\/uploads\/2026\/05\/Manieren-150x150.png 150w, https:\/\/die-garderobenmarke.de\/wp-content\/uploads\/2026\/05\/Manieren-768x768.png 768w, https:\/\/die-garderobenmarke.de\/wp-content\/uploads\/2026\/05\/Manieren.png 1181w\" sizes=\"auto, (max-width: 1024px) 100vw, 1024px\" \/><\/figure>\n<\/div>\n\n\n\n<div class=\"wp-block-column is-layout-flow wp-block-column-is-layout-flow\" style=\"flex-basis:66.66%\">\n<p><strong>Karlheinz Graudenz &#8211; Das Buch der Etikette, 1956<\/strong><\/p>\n\n\n\n<p>Der Besuch einer jeden k\u00fcnstlerischen Veranstaltung setzt eine gewisse innere und \u00e4u\u00dfere Bereitschaft voraus. Ohne innere Bereitschaft sind Freude und Genu\u00df nur oberfl\u00e4chlich. <\/p>\n\n\n\n<p>Die \u00e4u\u00dfere Bereitschaft, die sich in der passenden Kleidung dokumentiert, gibt ihr den festlichen Rahmen. Wer eine Operette, ein Theater, ein Konzert oder eine Ausstellung zu besuchen gedenkt, der mag ber\u00fccksichtigen, da\u00df bereits die Vorfreude einen Teil des erwarteten Kunstgenusses bedeutet. In dem Augenblick, da man die Karten besorgt \u2013 und das sollte man rechtzeitig tun, um nicht etwa vor ausverkauftem Hause zu stehen \u2013, werden die Gedanken des wahren Kunstfreundes bereits auf den Abend gerichtet sein. Diese Gen\u00fcsse, die wir uns je nach Geldbeutel und beruflicher Abk\u00f6mmlichkeit mehr oder weniger h\u00e4ufig g\u00f6nnen, sind die leuchtend bunten Farbflecken im Grau des arbeitsamen Alltags.<\/p>\n\n\n\n<p>Wir gew\u00f6hnen uns daran, niemals zu sp\u00e4t zu kommen! P\u00fcnktlichkeit ist nicht nur eine selbstverst\u00e4ndliche Pflicht unseren Freunden, insbesondere nat\u00fcrlich der Damen, sowie den anderen Besuchern gegen\u00fcber, sondern erh\u00f6ht auch den ruhigen Genu\u00df der Darbietung. Sollten wir uns aber doch einmal versp\u00e4tet haben, dann nehmen wir unsere Pl\u00e4tze so unauff\u00e4llig und r\u00fccksichtsvoll wie m\u00f6glich ein, warten vielleicht sogar die Ouvert\u00fcre oder den Schlu\u00df des ersten Aktes ab. Anzug-, Kleider- und Frisurkontrollen erfolgen im Foyer, nicht etwa auf den Sitzpl\u00e4tzen!<\/p>\n\n\n\n<p>Um die Garderobe der Dame k\u00fcmmert sich der Herr. Er nimmt ihr die Sachen ab und verwahrt auch die Garderobenmarke. Auch H\u00fcte sind abzugeben. Bei Konzerten k\u00f6nnen die Damen einen kleinen Abendhut aufbehalten. Es gibt sogar L\u00e4nder, in denen es auff\u00e4llt, wenn eine Dame zum Konzert keinen Hut tr\u00e4gt.<\/p>\n<\/div>\n<\/div>\n<\/div>\n<\/div>\n\n\n\n<div class=\"wp-block-columns is-layout-flex wp-container-core-columns-is-layout-9d6595d7 wp-block-columns-is-layout-flex\">\n<div class=\"wp-block-column is-layout-flow wp-block-column-is-layout-flow\" style=\"flex-basis:33.33%\">\n<figure class=\"wp-block-image size-full\"><img loading=\"lazy\" decoding=\"async\" width=\"620\" height=\"900\" src=\"https:\/\/die-garderobenmarke.de\/wp-content\/uploads\/2026\/05\/Alfred_Lichtenstein_1914.jpg\" alt=\"\" class=\"wp-image-4424\" srcset=\"https:\/\/die-garderobenmarke.de\/wp-content\/uploads\/2026\/05\/Alfred_Lichtenstein_1914.jpg 620w, https:\/\/die-garderobenmarke.de\/wp-content\/uploads\/2026\/05\/Alfred_Lichtenstein_1914-207x300.jpg 207w\" sizes=\"auto, (max-width: 620px) 100vw, 620px\" \/><figcaption class=\"wp-element-caption\">www.zeno.org\/<br>Literatur\/I\/lichtpor, Gemeinfrei<\/figcaption><\/figure>\n<\/div>\n\n\n\n<div class=\"wp-block-column is-layout-flow wp-block-column-is-layout-flow\" style=\"flex-basis:66.66%\">\n<p><strong>Alfred Lichtenstein (1889 &#8211; 1914), expressionistischer Schriftsteller und Verfasser von Lyrik und Prosa mit stark grotesken Z\u00fcgen.<\/strong><\/p>\n\n\n\n<p>I. Auftritt im Schulhof. Peter Paulus f\u00fcr, Laaks gegen Kohn (Kohn hatte sich verunreinigt, Max Mechenmal). Sp\u00e4ter Kohn an Paulus sich anschlie\u00dfend gegen Laaks. Eifersuchtsszenen. Infolge der Laaksschen Intrigen f\u00e4llt Paulus durchs Abiturium, schie\u00dft sich tot. Abschiedsbriefe (r\u00fchrend an Kohn, offizielles Begr\u00e4bnis, Kohn rennt davon).<\/p>\n\n\n\n<p>Oberlehrer Dr. Bryller l\u00e4\u00dft alles geschehen, redet dem geliebten Paulus sogar zu, sich zu t\u00f6ten: T\u00f6te dich, ehe es zu sp\u00e4t ist (solange du noch dazu f\u00e4hig bist). Es hat zwar keinen Zweck, bereitet dir aber etwas wie Genugtuung. (Gott ist eine Zeiterscheinung.)<\/p>\n\n\n\n<p>Die Leiche wurde wohlverpackt in einem Kasten auf den Friedhof getragen, wo man sie unter einer Garderobenmarke f\u00fcr ewig abgelegt.<\/p>\n<\/div>\n<\/div>\n\n\n\n<div class=\"wp-block-columns is-layout-flex wp-container-core-columns-is-layout-9d6595d7 wp-block-columns-is-layout-flex\">\n<div class=\"wp-block-column is-layout-flow wp-block-column-is-layout-flow\">\n<div class=\"wp-block-columns is-layout-flex wp-container-core-columns-is-layout-9d6595d7 wp-block-columns-is-layout-flex\">\n<div class=\"wp-block-column is-layout-flow wp-block-column-is-layout-flow\" style=\"flex-basis:33.33%\">\n<figure class=\"wp-block-image size-large\"><img loading=\"lazy\" decoding=\"async\" width=\"1024\" height=\"1024\" src=\"https:\/\/die-garderobenmarke.de\/wp-content\/uploads\/2026\/05\/small_1-1024x1024.jpg\" alt=\"\" class=\"wp-image-4425\" srcset=\"https:\/\/die-garderobenmarke.de\/wp-content\/uploads\/2026\/05\/small_1-1024x1024.jpg 1024w, https:\/\/die-garderobenmarke.de\/wp-content\/uploads\/2026\/05\/small_1-300x300.jpg 300w, https:\/\/die-garderobenmarke.de\/wp-content\/uploads\/2026\/05\/small_1-150x150.jpg 150w, https:\/\/die-garderobenmarke.de\/wp-content\/uploads\/2026\/05\/small_1-768x768.jpg 768w, https:\/\/die-garderobenmarke.de\/wp-content\/uploads\/2026\/05\/small_1-1536x1536.jpg 1536w, https:\/\/die-garderobenmarke.de\/wp-content\/uploads\/2026\/05\/small_1.jpg 2030w\" sizes=\"auto, (max-width: 1024px) 100vw, 1024px\" \/><\/figure>\n<\/div>\n\n\n\n<div class=\"wp-block-column is-layout-flow wp-block-column-is-layout-flow\" style=\"flex-basis:66.66%\">\n<p><strong>Quelle: Berliner Zeitung, Sa. 24. Mai 1975<\/strong><\/p>\n\n\n\n<p>Vertrauen und Mi\u00dftrauen lassen sich, so scheint es, nicht miteinander vereinbaren, aber in der Praxis haben sich die beiden l\u00e4ngst zusammengetan und die gemeinsame Tochter Vorsicht gezeugt. \u201eVorsicht&#8220;, so charakterisierte der ungarische Schriftstelle Jozsef E\u00f6tv\u00f6s die Lage, \u201eVorsicht im Vertrauen ist notwendig, aber noch notwendiger Vorsicht im Mi\u00dftrauen.&#8220; Wie der stets erfinderische Mensch dieses sowohl ungeheuer problematische als auch philosophische Dilemma mit ge\u00fcbter Hand auf die Technik abw\u00e4lzt, schildert im folgenden der sowjetische Satiriker W. Bachnow an einem utopischen Ereignis \u2014 mit unbegrenztem Vertrauen in das Verst\u00e4ndnis der Leser. In Neustadt wurde k\u00fcrzlich ein Juweliergesch\u00e4ft mit Selbstbedienung er\u00f6ffnet. Der Direktor dieses in seiner Art einmaligen Gesch\u00e4ftes gab unserem Reporter ein Interview: \u201eHerr Direktor, ist dieses k\u00fchne Experiment nicht ein weiterer leuchtender Beweis f\u00fcr das Vertrauen, das der Handel den Kunden entgegenbringt?&#8220; \u201eJa, ich denke auch, das ohne weiteres, ja, unbedingt.&#8220; \u201eIst dies nicht weit mehr als nur eine neue Form des Handels mit Juwelen, sondern vor allem eine Erziehung von Kunden mit hohem Bewu\u00dftsein, eine Erziehung durch Vertrauen?&#8220; &#8222;Genau! Auch unser Kollektiv nimmt an, da\u00df die Hauptaufgabe dieses Gesch\u00e4ftes die Erziehung ist. Die Erziehung der Kunden nat\u00fcrlich.&#8220; \u201eMit anderen Worten \u2014 diese Selbstbedienung in Juwelen ist in erster Linie eine Schmiede, aus der bewu\u00dfte K\u00e4ufer hervorgehen.&#8220; \u201eJa, so mu\u00df man das sehen. \u201eUnd wie steht es nun um die technische Ausstattung? Ich h\u00f6rte, da\u00df Sie eine ganze Reihe technischer Neuerungen zur Steigerung der Verkaufskultur einf\u00fchrten?&#8220;<\/p>\n\n\n\n<p>\u201eEs gibt hier viele Neuerungen. Das Wichtigste ist jedoch: Es wurde alles getan, damit wir dem Kunden vertrauen k\u00f6nnen und er uns.&#8220; \u201eZum Beispiel?&#8220; \u201eBeispielsweise: Der Kunde erh\u00e4lt hier keine Garderobenmarke, sondern eine elektronische Anlage, die niemals die Sachen durcheinanderbringt, sie \u00fcbernimmt Annahme und Ausgabe.&#8220; \u201eInteressant! Das hei\u00dft also, da\u00df der Kunde seine Garderobe abgibt.&#8220; \u201eJa. bevor er den Verkaufsraum betritt, gibt er seine Oberbekleidung ab. Seine Unterw\u00e4sche \u00fcbrigens auch.&#8220; \u201eVerzeihung, aber womit bekleidet gehen denn die Kunden &#8230;&#8220; \u201eIn Spezialpyiamas, die sie dann sp\u00e4ter wieder abgeben. Sie erhalten ihre Bekleidung zur\u00fcck und k\u00f6nnen das Gesch\u00e4ft nach der Leibesvisitation jederzeit ungehindert verlassen \u2014 falls sie keine schweren Sch\u00e4den am Pyjama verursacht haben.&#8220; \u201eWas f\u00fcr schwere Sch\u00e4den k\u00f6nnten sie denn schon an einem Pyjama verursachen?&#8220; \u201eNa, h\u00f6ren Sie! Die Kn\u00f6pfe am Pyjama sind wahre Wunder der Elektronik &#8211; Miniaturfernsehkameras! Stellen Sie sich vor: An einem Pyjama befinden sich vier Kn\u00f6pfe, die an den Hosen gar nicht mitgerechnet. Begreifen Sie, welch wertvolle Pyiamas wir unseren Kunden anvertrauen? Ohne Vorlage des Ausweises! Bedarf es noch eines weiteren Beweises f\u00fcr unser gro\u00dfes Vertrauen dem Kunden gegen\u00fcber?&#8220; \u201eAber nein!&#8220; \u201eAu\u00dferdem erh\u00e4lt der Kunde ein Spezialverpackungsmaterial, in das er die von ihm ausgew\u00e4hlte Ware wickelt, wodurch unser elektronisches Rechenzentrum Informationen zur Bearbeitung empf\u00e4ngt. Am Kassenautomaten liegt dann bereits die Rechnung f\u00fcr den Kunden bereit, und das war&#8217;s.&#8220; \u201eHerrlich, wie einfach und schnell und ohne anstehen!&#8220; \u201eJa, angestanden wird bei uns nicht. H\u00f6chstens vor der R\u00f6ntgenabteilung.&#8220;  \u201eBeim R\u00f6ntgen. Die Kunden kriegen den Magen ger\u00f6ntgt, bevor sie das Gesch\u00e4ft verlassen.&#8220; \u201eAha. Nun noch eine letzte Frage: Wie sieht das Sortiment in diesem neuartigen Juwelen-Selbstbedienungsladen aus?&#8220; \u201eNun, bis ietzt &#8230; Also, wir sind noch dabei, die Technik beherrschen zu lernen und die Kunden zu erziehen. Bis jetzt gibt es bei uns Gem\u00fcsekonserven, Fruchts\u00e4fte, Mohrr\u00fcben, Bohnen, Zwiebeln, Salzgurken und so weiter. Aber wenn wir die Elektronik erst beherrschen und den Kunden erzogen haben, dann werfen wir auch ein paar Diamanten und Brillanten in die Regale.<\/p>\n<\/div>\n<\/div>\n\n\n\n<p><\/p>\n<\/div>\n<\/div>\n\n\n\n<div class=\"wp-block-columns is-layout-flex wp-container-core-columns-is-layout-9d6595d7 wp-block-columns-is-layout-flex\">\n<div class=\"wp-block-column is-layout-flow wp-block-column-is-layout-flow\">\n<p><\/p>\n<\/div>\n\n\n\n<div class=\"wp-block-column is-layout-flow wp-block-column-is-layout-flow\">\n<div class=\"wp-block-buttons is-layout-flex wp-block-buttons-is-layout-flex\"><\/div>\n<\/div>\n<\/div>\n\n\n\n<div class=\"wp-block-buttons is-layout-flex wp-block-buttons-is-layout-flex\"><\/div>\n\n\n\n<p><\/p>\n","protected":false},"excerpt":{"rendered":"<p>Nach und nach werden hier interessante Originalquellen zu den Themen &#8222;Garderobe&#8220; und &#8222;Garderobenmarke&#8220; hochgeladen. Jacob Grimm, Wilhelm Grimm (Hrsg.): Deutsches W\u00f6rterbuch. (IV, 1. Abteilung, Teil 1). S. Hirzel, Leipzig 1878 garderobe, f. das frz. garderobe, das doch selbst gleichfalls von deutscher herkunft ist, denn in garde- steckt unser warten (s. garde), in robe unser raub&#8230;<\/p>\n","protected":false},"author":1,"featured_media":0,"parent":0,"menu_order":0,"comment_status":"closed","ping_status":"closed","template":"","meta":{"_kad_post_transparent":"","_kad_post_title":"","_kad_post_layout":"","_kad_post_sidebar_id":"","_kad_post_content_style":"","_kad_post_vertical_padding":"","_kad_post_feature":"","_kad_post_feature_position":"","_kad_post_header":false,"_kad_post_footer":false,"_kad_post_classname":"","footnotes":""},"class_list":["post-341","page","type-page","status-publish","hentry"],"_links":{"self":[{"href":"https:\/\/die-garderobenmarke.de\/index.php?rest_route=\/wp\/v2\/pages\/341","targetHints":{"allow":["GET"]}}],"collection":[{"href":"https:\/\/die-garderobenmarke.de\/index.php?rest_route=\/wp\/v2\/pages"}],"about":[{"href":"https:\/\/die-garderobenmarke.de\/index.php?rest_route=\/wp\/v2\/types\/page"}],"author":[{"embeddable":true,"href":"https:\/\/die-garderobenmarke.de\/index.php?rest_route=\/wp\/v2\/users\/1"}],"replies":[{"embeddable":true,"href":"https:\/\/die-garderobenmarke.de\/index.php?rest_route=%2Fwp%2Fv2%2Fcomments&post=341"}],"version-history":[{"count":5,"href":"https:\/\/die-garderobenmarke.de\/index.php?rest_route=\/wp\/v2\/pages\/341\/revisions"}],"predecessor-version":[{"id":4429,"href":"https:\/\/die-garderobenmarke.de\/index.php?rest_route=\/wp\/v2\/pages\/341\/revisions\/4429"}],"wp:attachment":[{"href":"https:\/\/die-garderobenmarke.de\/index.php?rest_route=%2Fwp%2Fv2%2Fmedia&parent=341"}],"curies":[{"name":"wp","href":"https:\/\/api.w.org\/{rel}","templated":true}]}}