{"id":2095,"date":"2021-01-09T14:04:59","date_gmt":"2021-01-09T14:04:59","guid":{"rendered":"http:\/\/die-garderobenmarke.de\/?page_id=2095"},"modified":"2026-05-01T15:54:10","modified_gmt":"2026-05-01T13:54:10","slug":"erfindungen-rund-um-die-garderobenmarke","status":"publish","type":"page","link":"https:\/\/die-garderobenmarke.de\/?page_id=2095","title":{"rendered":"Erfindungen rund um die Garderobenmarke"},"content":{"rendered":"\n<div class=\"wp-block-columns is-layout-flex wp-container-core-columns-is-layout-9d6595d7 wp-block-columns-is-layout-flex\">\n<div class=\"wp-block-column is-layout-flow wp-block-column-is-layout-flow\">\n<figure class=\"wp-block-image size-full is-resized\"><a href=\"https:\/\/die-garderobenmarke.de\/wp-content\/uploads\/2026\/05\/1929-1.jpg\"><img loading=\"lazy\" decoding=\"async\" width=\"790\" height=\"969\" src=\"https:\/\/die-garderobenmarke.de\/wp-content\/uploads\/2026\/05\/1929-1.jpg\" alt=\"\" class=\"wp-image-4391\" style=\"aspect-ratio:0.8152835928628777;width:236px;height:auto\" srcset=\"https:\/\/die-garderobenmarke.de\/wp-content\/uploads\/2026\/05\/1929-1.jpg 790w, https:\/\/die-garderobenmarke.de\/wp-content\/uploads\/2026\/05\/1929-1-245x300.jpg 245w, https:\/\/die-garderobenmarke.de\/wp-content\/uploads\/2026\/05\/1929-1-768x942.jpg 768w\" sizes=\"auto, (max-width: 790px) 100vw, 790px\" \/><\/a><figcaption class=\"wp-element-caption\">Quelle: https:\/\/patents.google.com<\/figcaption><\/figure>\n<\/div>\n\n\n\n<div class=\"wp-block-column is-layout-flow wp-block-column-is-layout-flow\">\n<p class=\"has-central-palette-9-color has-text-color has-link-color wp-elements-78284dba79726ac82564c5a1c3a82cb7\">Dieses Patent aus dem Jahr 1929 widmet sich einem brenzligen Problem: werden Papiermarken ausgegeben, k\u00f6nnten potentielle Diebe einen wertlosen Mantel abgeben und erhalten z.B. die Marke Nr. 11. W\u00e4hrend der Theatervorstellung f\u00e4lschen sie die Marke (<a href=\"https:\/\/die-garderobenmarke.de\/?page_id=2356\">siehe hier<\/a>) und holen danach den teuren Pelz auf der Nummer 17 ab. Diese Marke l\u00f6st das Problem durch f\u00e4lschungssichere Muster unter den Ziffern.<mark style=\"background-color:rgba(0, 0, 0, 0)\" class=\"has-inline-color has-central-palette-7-color\"><\/mark><\/p>\n<\/div>\n<\/div>\n\n\n\n<div class=\"wp-block-columns is-layout-flex wp-container-core-columns-is-layout-9d6595d7 wp-block-columns-is-layout-flex\">\n<div class=\"wp-block-column is-layout-flow wp-block-column-is-layout-flow\">\n<div class=\"wp-block-columns is-layout-flex wp-container-core-columns-is-layout-9d6595d7 wp-block-columns-is-layout-flex\">\n<div class=\"wp-block-column is-layout-flow wp-block-column-is-layout-flow\">\n<figure class=\"wp-block-image size-large\"><img loading=\"lazy\" decoding=\"async\" width=\"616\" height=\"1024\" src=\"https:\/\/die-garderobenmarke.de\/wp-content\/uploads\/2026\/05\/CH_107165_A-Abb.1-616x1024.png\" alt=\"\" class=\"wp-image-4389\" srcset=\"https:\/\/die-garderobenmarke.de\/wp-content\/uploads\/2026\/05\/CH_107165_A-Abb.1-616x1024.png 616w, https:\/\/die-garderobenmarke.de\/wp-content\/uploads\/2026\/05\/CH_107165_A-Abb.1-180x300.png 180w, https:\/\/die-garderobenmarke.de\/wp-content\/uploads\/2026\/05\/CH_107165_A-Abb.1.png 622w\" sizes=\"auto, (max-width: 616px) 100vw, 616px\" \/><\/figure>\n<\/div>\n\n\n\n<div class=\"wp-block-column is-layout-flow wp-block-column-is-layout-flow\">\n<figure class=\"wp-block-image size-full\"><img loading=\"lazy\" decoding=\"async\" width=\"548\" height=\"753\" src=\"https:\/\/die-garderobenmarke.de\/wp-content\/uploads\/2026\/05\/CH_107165_A-Abb.2.png\" alt=\"\" class=\"wp-image-4390\" srcset=\"https:\/\/die-garderobenmarke.de\/wp-content\/uploads\/2026\/05\/CH_107165_A-Abb.2.png 548w, https:\/\/die-garderobenmarke.de\/wp-content\/uploads\/2026\/05\/CH_107165_A-Abb.2-218x300.png 218w\" sizes=\"auto, (max-width: 548px) 100vw, 548px\" \/><figcaption class=\"wp-element-caption\">Patent: Ilia Kaloff Wassil, 1.10.1924, Quelle: Google Patents<\/figcaption><\/figure>\n<\/div>\n<\/div>\n<\/div>\n\n\n\n<div class=\"wp-block-column is-layout-flow wp-block-column-is-layout-flow\">\n<p>Und wieder ein Versuch, kriminellen Aktivit\u00e4ten einen Riegel vorzuschieben.<\/p>\n\n\n\n<p>Gegenstand der Erfindung ist eine Garderobenmarke, die den Diebstahl&nbsp; der Garderobe durch Abgeben gef\u00e4lschter&nbsp; Marken unm\u00f6glich macht. F\u00fcr jede Garderobenmarke ist ein besonderes Geh\u00e4use vorgesehen. An der Marke ist ein Vorsprung vorhanden (12 in Abb.1), der in eine entsprechende Aussparung des Geh\u00e4uses (5 in Abb.1) passt, so dass sich nur die richtige Marke in das zugeh\u00f6rige Geh\u00e4use einschieben l\u00e4sst.<\/p>\n\n\n\n<p>Abb. 1 zeigt die herausgezogene Garderobenmarke mit der Aussparung im Geh\u00e4use. Abb. 2 zeigt die Vorrichtung mit eingeschobener Garderobenmarke<\/p>\n\n\n\n<p class=\"has-medium-font-size\"><\/p>\n<\/div>\n<\/div>\n\n\n\n<div class=\"wp-block-columns is-layout-flex wp-container-core-columns-is-layout-9d6595d7 wp-block-columns-is-layout-flex\">\n<div class=\"wp-block-column is-layout-flow wp-block-column-is-layout-flow\">\n<figure class=\"wp-block-image size-large is-resized\"><a href=\"https:\/\/die-garderobenmarke.de\/wp-content\/uploads\/2026\/05\/1908_2-1.jpg\"><img loading=\"lazy\" decoding=\"async\" width=\"876\" height=\"1024\" src=\"https:\/\/die-garderobenmarke.de\/wp-content\/uploads\/2026\/05\/1908_2-1-876x1024.jpg\" alt=\"\" class=\"wp-image-4386\" style=\"aspect-ratio:0.8554687314582146;width:360px;height:auto\" srcset=\"https:\/\/die-garderobenmarke.de\/wp-content\/uploads\/2026\/05\/1908_2-1-876x1024.jpg 876w, https:\/\/die-garderobenmarke.de\/wp-content\/uploads\/2026\/05\/1908_2-1-257x300.jpg 257w, https:\/\/die-garderobenmarke.de\/wp-content\/uploads\/2026\/05\/1908_2-1-768x897.jpg 768w, https:\/\/die-garderobenmarke.de\/wp-content\/uploads\/2026\/05\/1908_2-1.jpg 944w\" sizes=\"auto, (max-width: 876px) 100vw, 876px\" \/><\/a><figcaption class=\"wp-element-caption\">Quelle: https:\/\/patents.google.com<\/figcaption><\/figure>\n<\/div>\n\n\n\n<div class=\"wp-block-column is-layout-flow wp-block-column-is-layout-flow\">\n<p class=\"has-central-palette-9-color has-text-color has-link-color wp-elements-e5cd437fbee9713da77fc79895f54c9e\"><mark style=\"background-color:rgba(0, 0, 0, 0)\" class=\"has-inline-color has-central-palette-7-color\"><\/mark><mark style=\"background-color:rgba(0, 0, 0, 0)\" class=\"has-inline-color has-central-palette-7-color\"><\/mark>Diese Erfindung aus dem Jahr 1928 organisiert die doppelte Kennzeichnung, einmal auf dem Kleidungsst\u00fcck selbst, einmal in der Hand des Inhabers oder der Inhaberin, sofern keine nummerierten Garderobenhaken vorhanden sind. Der Clip l\u00e4sst sich am Mantel befestigen, die Garderobenmarke ist nur eingerastet und kann leicht getrennt und ausgeh\u00e4ndigt werden.<\/p>\n\n\n\n<p><\/p>\n<\/div>\n<\/div>\n\n\n\n<div class=\"wp-block-columns is-layout-flex wp-container-core-columns-is-layout-9d6595d7 wp-block-columns-is-layout-flex\">\n<div class=\"wp-block-column is-layout-flow wp-block-column-is-layout-flow\">\n<div class=\"wp-block-columns is-layout-flex wp-container-core-columns-is-layout-9d6595d7 wp-block-columns-is-layout-flex\">\n<div class=\"wp-block-column is-layout-flow wp-block-column-is-layout-flow\">\n<div class=\"wp-block-columns is-layout-flex wp-container-core-columns-is-layout-9d6595d7 wp-block-columns-is-layout-flex\">\n<div class=\"wp-block-column is-layout-flow wp-block-column-is-layout-flow\">\n<figure class=\"wp-block-image size-large\"><a href=\"https:\/\/die-garderobenmarke.de\/wp-content\/uploads\/2026\/05\/IMG_2267-rotated-e1777643182250.jpg\"><img loading=\"lazy\" decoding=\"async\" width=\"819\" height=\"1024\" src=\"https:\/\/die-garderobenmarke.de\/wp-content\/uploads\/2026\/05\/IMG_2267-rotated-e1777643182250-819x1024.jpg\" alt=\"\" class=\"wp-image-4387\" srcset=\"https:\/\/die-garderobenmarke.de\/wp-content\/uploads\/2026\/05\/IMG_2267-rotated-e1777643182250-819x1024.jpg 819w, https:\/\/die-garderobenmarke.de\/wp-content\/uploads\/2026\/05\/IMG_2267-rotated-e1777643182250-240x300.jpg 240w, https:\/\/die-garderobenmarke.de\/wp-content\/uploads\/2026\/05\/IMG_2267-rotated-e1777643182250-768x960.jpg 768w, https:\/\/die-garderobenmarke.de\/wp-content\/uploads\/2026\/05\/IMG_2267-rotated-e1777643182250-1229x1536.jpg 1229w, https:\/\/die-garderobenmarke.de\/wp-content\/uploads\/2026\/05\/IMG_2267-rotated-e1777643182250.jpg 1425w\" sizes=\"auto, (max-width: 819px) 100vw, 819px\" \/><\/a><\/figure>\n<\/div>\n\n\n\n<div class=\"wp-block-column is-layout-flow wp-block-column-is-layout-flow\">\n<figure class=\"wp-block-image size-large\"><a href=\"https:\/\/die-garderobenmarke.de\/wp-content\/uploads\/2026\/05\/IMG_2266-rotated-e1777643204555.jpg\"><img loading=\"lazy\" decoding=\"async\" width=\"819\" height=\"1024\" src=\"https:\/\/die-garderobenmarke.de\/wp-content\/uploads\/2026\/05\/IMG_2266-rotated-e1777643204555-819x1024.jpg\" alt=\"\" class=\"wp-image-4388\" srcset=\"https:\/\/die-garderobenmarke.de\/wp-content\/uploads\/2026\/05\/IMG_2266-rotated-e1777643204555-819x1024.jpg 819w, https:\/\/die-garderobenmarke.de\/wp-content\/uploads\/2026\/05\/IMG_2266-rotated-e1777643204555-240x300.jpg 240w, https:\/\/die-garderobenmarke.de\/wp-content\/uploads\/2026\/05\/IMG_2266-rotated-e1777643204555-768x960.jpg 768w, https:\/\/die-garderobenmarke.de\/wp-content\/uploads\/2026\/05\/IMG_2266-rotated-e1777643204555-1229x1536.jpg 1229w, https:\/\/die-garderobenmarke.de\/wp-content\/uploads\/2026\/05\/IMG_2266-rotated-e1777643204555.jpg 1260w\" sizes=\"auto, (max-width: 819px) 100vw, 819px\" \/><\/a><\/figure>\n<\/div>\n<\/div>\n<\/div>\n<\/div>\n<\/div>\n\n\n\n<div class=\"wp-block-column is-layout-flow wp-block-column-is-layout-flow\">\n<p class=\"has-central-palette-9-color has-text-color\">Diese Erfindung stammt aus den 1980er Jahren. Die Firma Kompanion, die bekannt ist f\u00fcr Plastikspielzeug, haupts\u00e4chlich Auto-Modelle, erfindet in Russland diese Blanco-Garderobenmarke. Ein Papier mit der Nummer wird in das untere Fach eingelegt. Das obere Fensterchen wird abgeknickt und dient als Verschluss des Faches. Damit l\u00e4sst sich zum Beispiel bei Verlust einer einzelnen Marke ein ganzer Garderobenmarkensatz retten.<mark style=\"background-color:rgba(0, 0, 0, 0)\" class=\"has-inline-color has-central-palette-7-color\"><\/mark><\/p>\n<\/div>\n<\/div>\n\n\n\n<div class=\"wp-block-columns is-layout-flex wp-container-core-columns-is-layout-9d6595d7 wp-block-columns-is-layout-flex\">\n<div class=\"wp-block-column is-layout-flow wp-block-column-is-layout-flow\">\n<figure class=\"wp-block-image size-large is-resized\"><img loading=\"lazy\" decoding=\"async\" width=\"819\" height=\"1024\" src=\"https:\/\/die-garderobenmarke.de\/wp-content\/uploads\/2026\/05\/1917-1-819x1024.jpg\" alt=\"\" class=\"wp-image-4392\" style=\"aspect-ratio:0.799800796812749;width:241px;height:auto\" srcset=\"https:\/\/die-garderobenmarke.de\/wp-content\/uploads\/2026\/05\/1917-1-819x1024.jpg 819w, https:\/\/die-garderobenmarke.de\/wp-content\/uploads\/2026\/05\/1917-1-240x300.jpg 240w, https:\/\/die-garderobenmarke.de\/wp-content\/uploads\/2026\/05\/1917-1-768x960.jpg 768w, https:\/\/die-garderobenmarke.de\/wp-content\/uploads\/2026\/05\/1917-1.jpg 850w\" sizes=\"auto, (max-width: 819px) 100vw, 819px\" \/><\/figure>\n<\/div>\n\n\n\n<div class=\"wp-block-column is-layout-flow wp-block-column-is-layout-flow\">\n<p>Wer kennt sie nicht, die Kofferanh\u00e4nger auf den Flugh\u00e4fen, die das Gep\u00e4ckst\u00fcck sicher wieder zur\u00fcckbringen. Bereits 1917 hat R.L. Porter die Idee dazu.<\/p>\n<\/div>\n<\/div>\n\n\n\n<div class=\"wp-block-columns is-layout-flex wp-container-core-columns-is-layout-9d6595d7 wp-block-columns-is-layout-flex\">\n<div class=\"wp-block-column is-layout-flow wp-block-column-is-layout-flow\">\n<figure class=\"wp-block-image size-large\"><a href=\"https:\/\/die-garderobenmarke.de\/wp-content\/uploads\/2026\/05\/1900-1.jpg\"><img loading=\"lazy\" decoding=\"async\" width=\"1024\" height=\"780\" src=\"https:\/\/die-garderobenmarke.de\/wp-content\/uploads\/2026\/05\/1900-1-1024x780.jpg\" alt=\"\" class=\"wp-image-4393\" srcset=\"https:\/\/die-garderobenmarke.de\/wp-content\/uploads\/2026\/05\/1900-1-1024x780.jpg 1024w, https:\/\/die-garderobenmarke.de\/wp-content\/uploads\/2026\/05\/1900-1-300x229.jpg 300w, https:\/\/die-garderobenmarke.de\/wp-content\/uploads\/2026\/05\/1900-1-768x585.jpg 768w, https:\/\/die-garderobenmarke.de\/wp-content\/uploads\/2026\/05\/1900-1.jpg 1142w\" sizes=\"auto, (max-width: 1024px) 100vw, 1024px\" \/><\/a><figcaption class=\"wp-element-caption\">Quelle: https:\/\/patents.google.com<\/figcaption><\/figure>\n<\/div>\n\n\n\n<div class=\"wp-block-column is-layout-flow wp-block-column-is-layout-flow\">\n<p class=\"has-central-palette-9-color has-text-color\"><mark style=\"background-color:rgba(0, 0, 0, 0)\" class=\"has-inline-color has-central-palette-7-color\"><\/mark><\/p>\n\n\n\n<p>Dieses Patent aus dem Jahr 1900 ist recht kompliziert &#8211; vielleicht einer der Gr\u00fcnde, warum es sich nicht durchgesetzt hat. Es geht um eine diebstahlsichere Aufbewahrung von Hut und Mantel. Mit Hilfe einer Schl\u00fcsselmarke rastet die Vorrichtung so ein, dass nichts mehr bewegt werden kann. Erst wenn das Teil (das mit Fig. 5 bezeichnet ist) oben auf die Konstruktion gesteckt wird, l\u00f6st sich die Arretierung.<\/p>\n<\/div>\n<\/div>\n","protected":false},"excerpt":{"rendered":"<p>Dieses Patent aus dem Jahr 1929 widmet sich einem brenzligen Problem: werden Papiermarken ausgegeben, k\u00f6nnten potentielle Diebe einen wertlosen Mantel abgeben und erhalten z.B. die Marke Nr. 11. W\u00e4hrend der Theatervorstellung f\u00e4lschen sie die Marke (siehe hier) und holen danach den teuren Pelz auf der Nummer 17 ab. Diese Marke l\u00f6st das Problem durch f\u00e4lschungssichere&#8230;<\/p>\n","protected":false},"author":1,"featured_media":0,"parent":0,"menu_order":0,"comment_status":"closed","ping_status":"closed","template":"","meta":{"_kad_post_transparent":"","_kad_post_title":"","_kad_post_layout":"","_kad_post_sidebar_id":"","_kad_post_content_style":"","_kad_post_vertical_padding":"","_kad_post_feature":"","_kad_post_feature_position":"","_kad_post_header":false,"_kad_post_footer":false,"_kad_post_classname":"","footnotes":""},"class_list":["post-2095","page","type-page","status-publish","hentry"],"_links":{"self":[{"href":"https:\/\/die-garderobenmarke.de\/index.php?rest_route=\/wp\/v2\/pages\/2095","targetHints":{"allow":["GET"]}}],"collection":[{"href":"https:\/\/die-garderobenmarke.de\/index.php?rest_route=\/wp\/v2\/pages"}],"about":[{"href":"https:\/\/die-garderobenmarke.de\/index.php?rest_route=\/wp\/v2\/types\/page"}],"author":[{"embeddable":true,"href":"https:\/\/die-garderobenmarke.de\/index.php?rest_route=\/wp\/v2\/users\/1"}],"replies":[{"embeddable":true,"href":"https:\/\/die-garderobenmarke.de\/index.php?rest_route=%2Fwp%2Fv2%2Fcomments&post=2095"}],"version-history":[{"count":2,"href":"https:\/\/die-garderobenmarke.de\/index.php?rest_route=\/wp\/v2\/pages\/2095\/revisions"}],"predecessor-version":[{"id":4396,"href":"https:\/\/die-garderobenmarke.de\/index.php?rest_route=\/wp\/v2\/pages\/2095\/revisions\/4396"}],"wp:attachment":[{"href":"https:\/\/die-garderobenmarke.de\/index.php?rest_route=%2Fwp%2Fv2%2Fmedia&parent=2095"}],"curies":[{"name":"wp","href":"https:\/\/api.w.org\/{rel}","templated":true}]}}